{"id":712,"date":"2021-06-20T11:06:28","date_gmt":"2021-06-20T11:06:28","guid":{"rendered":"https:\/\/www.josepgrauviticultor.com\/politica-de-privacidad\/"},"modified":"2021-07-30T10:23:06","modified_gmt":"2021-07-30T10:23:06","slug":"politica-de-privacidad","status":"publish","type":"page","link":"https:\/\/www.josepgrauviticultor.com\/es\/politica-de-privacidad\/","title":{"rendered":"Pol\u00edtica de privacidad"},"content":{"rendered":"<div class=\"wp-bootstrap-blocks-container container mb-2\">\n\t\n<div class=\"wp-bootstrap-blocks-row row\">\n\t\n\n<div class=\"col-12\">\n\t\t\t\n\n<p>Esta p\u00e1gina Web es titularidad de Josep Grau Viticultor S.L., cuyos datos de identificaci\u00f3n son los siguientes:<\/p>\n\n\n\n<p>Domicili Social: C \/ Orient, 2 &#8211; 43737 Gratallops (Tarragona)<\/p>\n\n\n\n<p>CIF: B-63212534<\/p>\n\n\n\n<p>Tel\u00e9fono: +34 678730596<\/p>\n\n\n\n<p>e-Mail: celler@Josepgrauviticultor.com<\/p>\n\n\n\n<h3 class=\"wp-block-heading\">1 INFORMACI\u00d3N Y CONSENTIMIENTO.<\/h3>\n\n\n\n<p>Mediante la aceptaci\u00f3n de la presente Pol\u00edtica de Privacidad, el Usuario queda informado y presta su consentimiento libre, informado, espec\u00edfico e inequ\u00edvoco para que los datos personales que facilite a trav\u00e9s de esta p\u00e1gina Web (en adelante, el \u201cSitio Web\u201d) sean tratados por Josep Grau Viticultor.<\/p>\n\n\n\n<h3 class=\"wp-block-heading\">2 OBLIGATORIEDAD DE FACILITAR LOS DATOS.<\/h3>\n\n\n\n<p>Los datos solicitados en los formularios de la Web son con car\u00e1cter general, obligatorios (salvo que en el campo requerido se especifique lo contrario) para cumplir con las finalidades establecidas. Por lo tanto, si no se facilitan los mismos o no se facilitan correctamente no podr\u00e1n atenderse las mismas, sin perjuicio de que podr\u00e1 visualizar libremente el contenido del Sitio Web.<\/p>\n\n\n\n<h3 class=\"wp-block-heading\">3 \u00bfCON QU\u00c9 FINALIDAD SE TRATAR\u00c1 LOS DATOS PERSONALES DEL USUARIO Y DURANTE CU\u00c1NTO TIEMPO?<\/h3>\n\n\n\n<p>Los datos personales facilitados a trav\u00e9s del Sitio Web ser\u00e1n tratados por Josep Grau Viticultor conforme a las siguientes finalidades:<\/p>\n\n\n\n<ul class=\"wp-block-list\"><li>Gestionar, tramitar y dar respuesta a peticiones, solicitudes, incidencias o consultas del Usuario, cuando este facilite sus datos a trav\u00e9s del formulario \u201cContacto\u201d. Los datos del Usuario ser\u00e1n conservados con ese fin hasta que \u00e9ste se oponga o revoque su consentimiento.<\/li><li>Remitir peri\u00f3dicamente a los Usuarios, incluso por medios electr\u00f3nicos, comunicaciones comerciales, relacionadas con productos, servicios, promociones, ofertas, eventos o noticias que puedan resultar de su inter\u00e9s, si el Usuario da su consentimiento marcando la casilla de verificaci\u00f3n correspondiente, o en su caso, se oponga o revoque su consentimiento.<\/li><\/ul>\n\n\n\n<h3 class=\"wp-block-heading\">4 \u00bfQU\u00c9 DATOS DEL USUARIO SE TRATAR\u00c1?<\/h3>\n\n\n\n<p>Josep Grau Viticultor tratar\u00e1 las siguientes categor\u00edas de datos del Usuario:<\/p>\n\n\n\n<ul class=\"wp-block-list\"><li>Datos identificativos: nombre, apellidos.<\/li><li>Datos de contacto: direcci\u00f3n postal, direcci\u00f3n de correo electr\u00f3nico y tel\u00e9fono.<\/li><li>Datos de facturaci\u00f3n<\/li><\/ul>\n\n\n\n<h3 class=\"wp-block-heading\">5 \u00bfCU\u00c1L ES LA LEGITIMACI\u00d3N DEL TRATAMIENTO DE LOS DATOS DEL USUARIO?<\/h3>\n\n\n\n<p>El tratamiento de los datos del Usuario por parte de JGV est\u00e1 basado en el consentimiento que se le solicita y que puede retirar en cualquier momento. No obstante, en caso de retirar su consentimiento, ello no afectar\u00e1 a la licitud de los tratamientos efectuados con anterioridad.<\/p>\n\n\n\n<p>Los consentimientos obtenidos para las finalidades mencionadas son independientes por lo que el Usuario podr\u00e1 revocar solo uno de ellos no afectando a los dem\u00e1s.<\/p>\n\n\n\n<h3 class=\"wp-block-heading\">6 \u00bfA QU\u00c9 DESTINATARIOS SE COMUNICAR\u00c1N LOS DATOS DEL USUARIO?<\/h3>\n\n\n\n<p>Los datos del Usuario no ser\u00e1n comunicados a ninguna otra empresa, salvo obligaci\u00f3n legal.<\/p>\n\n\n\n<h3 class=\"wp-block-heading\">7 RESPONSABILIDAD DEL USUARIO.<\/h3>\n\n\n\n<p>El Usuario:<\/p>\n\n\n\n<ul class=\"wp-block-list\"><li>Garantiza que es mayor de 18 a\u00f1os y que los datos que facilita a JGV son verdaderos, exactos, completos y actualizados. A estos efectos, el Usuario responde de la veracidad de todos los datos que comunique y mantendr\u00e1 convenientemente actualizada la informaci\u00f3n facilitada, de tal forma que responda a su situaci\u00f3n real.<\/li><li>Ser\u00e1 responsable de las informaciones falsas o inexactas que proporcione a trav\u00e9s del Sitio Web y de los da\u00f1os y perjuicios, directos o indirectos, que ello cause a Josep Grau Viticultor o a terceros.<\/li><\/ul>\n\n\n\n<h3 class=\"wp-block-heading\">8 COMUNICACIONES COMERCIALES Y PROMOCIONALES.<\/h3>\n\n\n\n<p>Una de las finalidades para las que Josep Grau Viticultor trata los datos personales proporcionados por parte de los Usuarios es para remitirles comunicaciones electr\u00f3nicas con informaci\u00f3n relativa a productos, servicios, promociones, ofertas, eventos o noticias relevantes para los Usuarios.<\/p>\n\n\n\n<p>En caso de que el Usuario desee dejar de recibir comunicaciones comerciales o promocionales por parte de Josep Grau Viticultor puede solicitar la baja del servicio enviando un email a la siguiente direcci\u00f3n de correo electr\u00f3nico: comunicacion@josepgrauviticultor.es<\/p>\n\n\n\n<h3 class=\"wp-block-heading\">9 EJERCICIO DE DERECHOS.<\/h3>\n\n\n\n<p>El Usuario puede enviar un escrito en cualquier momento y de forma gratuita a Josep Grau Viticultor en C\/ Balmes 28 Ppal. 2\u00aa (08007 Barcelona), adjuntando fotocopia de su documento de identidad, para solicitar sus derechos de acceso, rectificaci\u00f3n, supresi\u00f3n, oposici\u00f3n, limitaci\u00f3n, portabilidad de sus datos.<\/p>\n\n\n\n<p>Adem\u00e1s puede, reclamar ante la Agencia Espa\u00f1ola de Protecci\u00f3n de Datos, a trav\u00e9s de la siguiente direcci\u00f3n: Agencia Espa\u00f1ola de Protecci\u00f3n de Datos, C\/ Jorge Juan, 6, 28001-Madrid, cuando el interesado considere que Ana Santos Gonz\u00e1lez. ha vulnerado los derechos que le son reconocidos por la normativa aplicable en protecci\u00f3n de datos.<\/p>\n\n\n\n<h3 class=\"wp-block-heading\">10 MEDIDAS DE SEGURIDAD.<\/h3>\n\n\n\n<p>Josep Grau Viticultor tratar\u00e1 los datos del Usuario en todo momento de forma absolutamente confidencial y guardando el preceptivo deber de secreto respecto de los mismos, de conformidad con lo previsto en la normativa de aplicaci\u00f3n, adoptando al efecto las medidas de \u00edndole t\u00e9cnica y organizativas necesarias que garanticen la seguridad de sus datos y eviten su alteraci\u00f3n, p\u00e9rdida, tratamiento o acceso no autorizado, habida cuenta del estado de la tecnolog\u00eda, la naturaleza de los datos almacenados y los riesgos a que est\u00e1n expuestos.<\/p>\n\n\t<\/div>\n\n<\/div>\n\n<\/div>\n\n<p><\/p>\n","protected":false},"excerpt":{"rendered":"","protected":false},"author":1,"featured_media":118,"parent":0,"menu_order":0,"comment_status":"closed","ping_status":"closed","template":"","meta":{"footnotes":""},"class_list":["post-712","page","type-page","status-publish","has-post-thumbnail","hentry"],"yoast_head":"<!-- This site is optimized with the Yoast SEO plugin v24.8.1 - https:\/\/yoast.com\/wordpress\/plugins\/seo\/ -->\n<title>Pol\u00edtica de privacidad - El celler<\/title>\n<meta name=\"robots\" content=\"index, follow, max-snippet:-1, max-image-preview:large, max-video-preview:-1\" \/>\n<link rel=\"canonical\" href=\"https:\/\/www.josepgrauviticultor.com\/es\/politica-de-privacidad\/\" \/>\n<meta property=\"og:locale\" content=\"es_ES\" \/>\n<meta property=\"og:type\" content=\"article\" \/>\n<meta property=\"og:title\" content=\"Pol\u00edtica de privacidad - El celler\" \/>\n<meta property=\"og:url\" content=\"https:\/\/www.josepgrauviticultor.com\/es\/politica-de-privacidad\/\" \/>\n<meta property=\"og:site_name\" content=\"El celler\" \/>\n<meta property=\"article:modified_time\" content=\"2021-07-30T10:23:06+00:00\" \/>\n<meta property=\"og:image\" content=\"https:\/\/www.josepgrauviticultor.com\/wp-content\/uploads\/2021\/06\/els_vins.jpg\" \/>\n\t<meta property=\"og:image:width\" content=\"1920\" \/>\n\t<meta property=\"og:image:height\" content=\"875\" \/>\n\t<meta property=\"og:image:type\" content=\"image\/jpeg\" \/>\n<meta name=\"twitter:card\" content=\"summary_large_image\" \/>\n<meta name=\"twitter:label1\" content=\"Tiempo de lectura\" \/>\n\t<meta name=\"twitter:data1\" content=\"4 minutos\" \/>\n<script type=\"application\/ld+json\" class=\"yoast-schema-graph\">{\"@context\":\"https:\/\/schema.org\",\"@graph\":[{\"@type\":\"WebPage\",\"@id\":\"https:\/\/www.josepgrauviticultor.com\/es\/politica-de-privacidad\/\",\"url\":\"https:\/\/www.josepgrauviticultor.com\/es\/politica-de-privacidad\/\",\"name\":\"Pol\u00edtica de privacidad - El celler\",\"isPartOf\":{\"@id\":\"https:\/\/www.josepgrauviticultor.com\/es\/#website\"},\"primaryImageOfPage\":{\"@id\":\"https:\/\/www.josepgrauviticultor.com\/es\/politica-de-privacidad\/#primaryimage\"},\"image\":{\"@id\":\"https:\/\/www.josepgrauviticultor.com\/es\/politica-de-privacidad\/#primaryimage\"},\"thumbnailUrl\":\"https:\/\/www.josepgrauviticultor.com\/wp-content\/uploads\/2021\/06\/els_vins.jpg\",\"datePublished\":\"2021-06-20T11:06:28+00:00\",\"dateModified\":\"2021-07-30T10:23:06+00:00\",\"breadcrumb\":{\"@id\":\"https:\/\/www.josepgrauviticultor.com\/es\/politica-de-privacidad\/#breadcrumb\"},\"inLanguage\":\"es\",\"potentialAction\":[{\"@type\":\"ReadAction\",\"target\":[\"https:\/\/www.josepgrauviticultor.com\/es\/politica-de-privacidad\/\"]}]},{\"@type\":\"ImageObject\",\"inLanguage\":\"es\",\"@id\":\"https:\/\/www.josepgrauviticultor.com\/es\/politica-de-privacidad\/#primaryimage\",\"url\":\"https:\/\/www.josepgrauviticultor.com\/wp-content\/uploads\/2021\/06\/els_vins.jpg\",\"contentUrl\":\"https:\/\/www.josepgrauviticultor.com\/wp-content\/uploads\/2021\/06\/els_vins.jpg\",\"width\":1920,\"height\":875},{\"@type\":\"BreadcrumbList\",\"@id\":\"https:\/\/www.josepgrauviticultor.com\/es\/politica-de-privacidad\/#breadcrumb\",\"itemListElement\":[{\"@type\":\"ListItem\",\"position\":1,\"name\":\"Portada\",\"item\":\"https:\/\/www.josepgrauviticultor.com\/es\/\"},{\"@type\":\"ListItem\",\"position\":2,\"name\":\"Pol\u00edtica de privacidad\"}]},{\"@type\":\"WebSite\",\"@id\":\"https:\/\/www.josepgrauviticultor.com\/es\/#website\",\"url\":\"https:\/\/www.josepgrauviticultor.com\/es\/\",\"name\":\"El celler\",\"description\":\"El celler\",\"potentialAction\":[{\"@type\":\"SearchAction\",\"target\":{\"@type\":\"EntryPoint\",\"urlTemplate\":\"https:\/\/www.josepgrauviticultor.com\/es\/?s={search_term_string}\"},\"query-input\":{\"@type\":\"PropertyValueSpecification\",\"valueRequired\":true,\"valueName\":\"search_term_string\"}}],\"inLanguage\":\"es\"}]}<\/script>\n<!-- \/ Yoast SEO plugin. -->","yoast_head_json":{"title":"Pol\u00edtica de privacidad - El celler","robots":{"index":"index","follow":"follow","max-snippet":"max-snippet:-1","max-image-preview":"max-image-preview:large","max-video-preview":"max-video-preview:-1"},"canonical":"https:\/\/www.josepgrauviticultor.com\/es\/politica-de-privacidad\/","og_locale":"es_ES","og_type":"article","og_title":"Pol\u00edtica de privacidad - El celler","og_url":"https:\/\/www.josepgrauviticultor.com\/es\/politica-de-privacidad\/","og_site_name":"El celler","article_modified_time":"2021-07-30T10:23:06+00:00","og_image":[{"width":1920,"height":875,"url":"https:\/\/www.josepgrauviticultor.com\/wp-content\/uploads\/2021\/06\/els_vins.jpg","type":"image\/jpeg"}],"twitter_card":"summary_large_image","twitter_misc":{"Tiempo de lectura":"4 minutos"},"schema":{"@context":"https:\/\/schema.org","@graph":[{"@type":"WebPage","@id":"https:\/\/www.josepgrauviticultor.com\/es\/politica-de-privacidad\/","url":"https:\/\/www.josepgrauviticultor.com\/es\/politica-de-privacidad\/","name":"Pol\u00edtica de privacidad - El celler","isPartOf":{"@id":"https:\/\/www.josepgrauviticultor.com\/es\/#website"},"primaryImageOfPage":{"@id":"https:\/\/www.josepgrauviticultor.com\/es\/politica-de-privacidad\/#primaryimage"},"image":{"@id":"https:\/\/www.josepgrauviticultor.com\/es\/politica-de-privacidad\/#primaryimage"},"thumbnailUrl":"https:\/\/www.josepgrauviticultor.com\/wp-content\/uploads\/2021\/06\/els_vins.jpg","datePublished":"2021-06-20T11:06:28+00:00","dateModified":"2021-07-30T10:23:06+00:00","breadcrumb":{"@id":"https:\/\/www.josepgrauviticultor.com\/es\/politica-de-privacidad\/#breadcrumb"},"inLanguage":"es","potentialAction":[{"@type":"ReadAction","target":["https:\/\/www.josepgrauviticultor.com\/es\/politica-de-privacidad\/"]}]},{"@type":"ImageObject","inLanguage":"es","@id":"https:\/\/www.josepgrauviticultor.com\/es\/politica-de-privacidad\/#primaryimage","url":"https:\/\/www.josepgrauviticultor.com\/wp-content\/uploads\/2021\/06\/els_vins.jpg","contentUrl":"https:\/\/www.josepgrauviticultor.com\/wp-content\/uploads\/2021\/06\/els_vins.jpg","width":1920,"height":875},{"@type":"BreadcrumbList","@id":"https:\/\/www.josepgrauviticultor.com\/es\/politica-de-privacidad\/#breadcrumb","itemListElement":[{"@type":"ListItem","position":1,"name":"Portada","item":"https:\/\/www.josepgrauviticultor.com\/es\/"},{"@type":"ListItem","position":2,"name":"Pol\u00edtica de privacidad"}]},{"@type":"WebSite","@id":"https:\/\/www.josepgrauviticultor.com\/es\/#website","url":"https:\/\/www.josepgrauviticultor.com\/es\/","name":"El celler","description":"El celler","potentialAction":[{"@type":"SearchAction","target":{"@type":"EntryPoint","urlTemplate":"https:\/\/www.josepgrauviticultor.com\/es\/?s={search_term_string}"},"query-input":{"@type":"PropertyValueSpecification","valueRequired":true,"valueName":"search_term_string"}}],"inLanguage":"es"}]}},"_links":{"self":[{"href":"https:\/\/www.josepgrauviticultor.com\/es\/wp-json\/wp\/v2\/pages\/712","targetHints":{"allow":["GET"]}}],"collection":[{"href":"https:\/\/www.josepgrauviticultor.com\/es\/wp-json\/wp\/v2\/pages"}],"about":[{"href":"https:\/\/www.josepgrauviticultor.com\/es\/wp-json\/wp\/v2\/types\/page"}],"author":[{"embeddable":true,"href":"https:\/\/www.josepgrauviticultor.com\/es\/wp-json\/wp\/v2\/users\/1"}],"replies":[{"embeddable":true,"href":"https:\/\/www.josepgrauviticultor.com\/es\/wp-json\/wp\/v2\/comments?post=712"}],"version-history":[{"count":4,"href":"https:\/\/www.josepgrauviticultor.com\/es\/wp-json\/wp\/v2\/pages\/712\/revisions"}],"predecessor-version":[{"id":1040,"href":"https:\/\/www.josepgrauviticultor.com\/es\/wp-json\/wp\/v2\/pages\/712\/revisions\/1040"}],"wp:featuredmedia":[{"embeddable":true,"href":"https:\/\/www.josepgrauviticultor.com\/es\/wp-json\/wp\/v2\/media\/118"}],"wp:attachment":[{"href":"https:\/\/www.josepgrauviticultor.com\/es\/wp-json\/wp\/v2\/media?parent=712"}],"curies":[{"name":"wp","href":"https:\/\/api.w.org\/{rel}","templated":true}]}}